{"id":15559,"date":"2025-09-24T06:09:57","date_gmt":"2025-09-24T06:09:57","guid":{"rendered":"https:\/\/www.artemis.st\/veranstaltungen\/basisches-suppenfasten\/"},"modified":"2026-01-09T09:33:52","modified_gmt":"2026-01-09T09:33:52","slug":"basisches-suppenfasten","status":"publish","type":"ajde_events","link":"https:\/\/www.artemis.st\/en\/veranstaltungen\/basisches-suppenfasten\/","title":{"rendered":"Basisches Suppenfasten &#8211; sanft entlastet ins Fr\u00fchjahr starten"},"content":{"rendered":"\n<p class=\"has-text-align-center\"><strong>Datum &amp; Uhrzeit<\/strong>:<\/p>\n\n\n\n<p class=\"has-text-align-center\"><strong>10.04. &#8211; 17.04.2026<\/strong><\/p>\n\n\n\n<p class=\"has-text-align-center\">Finde durch basisches Suppenfasten zu neuer Energie, innerer Balance und einem leichteren K\u00f6rpergef\u00fchl. Lerne das Konzept, den Ablauf und die Vorteile des Fastens im eigenen Rhythmus kennen \u2013 mit pers\u00f6nlicher Begleitung, inspirierender Gemeinschaft und Impulsen f\u00fcr K\u00f6rper, Geist und Seele.<\/p>\n\n\n\n<p class=\"has-text-align-center\"><strong>Vortragende: <\/strong><\/p>\n\n\n\n<p class=\"has-text-align-center\">Michaela Gratzer (Dipl.&nbsp;Basenfasten &#8211; Vitaltrainerin)<\/p>\n\n\n\n<p class=\"has-text-align-center\"><strong>Ort der Veranstaltung:<\/strong> <\/p>\n\n\n\n<p class=\"has-text-align-center\">Artemis GmbH<\/p>\n\n\n\n<p class=\"has-text-align-center\">Kaiserbergstra\u00dfe 8, 8502 Lannach<\/p>\n\n\n\n<p class=\"has-text-align-center\"><strong>Kosten: <\/strong><\/p>\n\n\n\n<p class=\"has-text-align-center\">240 \u20ac<\/p>\n\n\n\n<div class=\"wp-block-buttons is-layout-flex wp-block-buttons-is-layout-flex\">\n<div class=\"wp-block-button has-custom-width wp-block-button__width-50 is-style-fill\"><a class=\"wp-block-button__link has-accent-background-color has-background has-normal-font-size has-custom-font-size wp-element-button\" href=\"https:\/\/www.artemis.st\/produkt\/10-04-17-04-2026-basisches-suppenfasten\/\">Jetzt BuCHEN<\/a><\/div>\n<\/div>\n\n\n\n\n\n<p><\/p>\n","protected":false},"author":3,"featured_media":16245,"menu_order":0,"comment_status":"open","ping_status":"closed","template":"","meta":{"_uag_custom_page_level_css":""},"tags":[219,220,221],"event_type":[],"event_type_2":[],"class_list":["post-15559","ajde_events","type-ajde_events","status-publish","has-post-thumbnail","hentry","tag-immunsystem-staerken","tag-naturheilkunde","tag-workshop"],"yoast_head":"<!-- This site is optimized with the Yoast SEO plugin v27.2 - https:\/\/yoast.com\/product\/yoast-seo-wordpress\/ -->\n<title>Basisches Suppenfasten - sanft entlastet ins Fr\u00fchjahr starten - Artemis<\/title>\n<meta name=\"description\" content=\"Freue dich auf neue Energie, innere Balance und ein sp\u00fcrbar leichteres K\u00f6rpergef\u00fchl. Eine Woche basisches Suppenfasten mit Michaela Gratzer!\" \/>\n<meta name=\"robots\" content=\"index, follow, max-snippet:-1, max-image-preview:large, max-video-preview:-1\" \/>\n<link rel=\"canonical\" href=\"https:\/\/www.artemis.st\/en\/veranstaltungen\/basisches-suppenfasten\/\" \/>\n<meta property=\"og:locale\" content=\"en_GB\" \/>\n<meta property=\"og:type\" content=\"article\" \/>\n<meta property=\"og:title\" content=\"Basisches Suppenfasten - sanft entlastet ins Fr\u00fchjahr starten - Artemis\" \/>\n<meta property=\"og:description\" content=\"Freue dich auf neue Energie, innere Balance und ein sp\u00fcrbar leichteres K\u00f6rpergef\u00fchl. Eine Woche basisches Suppenfasten mit Michaela Gratzer!\" \/>\n<meta property=\"og:url\" content=\"https:\/\/www.artemis.st\/en\/veranstaltungen\/basisches-suppenfasten\/\" \/>\n<meta property=\"og:site_name\" content=\"Artemis\" \/>\n<meta property=\"article:modified_time\" content=\"2026-01-09T09:33:52+00:00\" \/>\n<meta property=\"og:image\" content=\"https:\/\/www.artemis.st\/wp-content\/uploads\/2025\/09\/Basisches-Suppenfasten-10.-17.-April-2026_600xp.png\" \/>\n\t<meta property=\"og:image:width\" content=\"600\" \/>\n\t<meta property=\"og:image:height\" content=\"486\" \/>\n\t<meta property=\"og:image:type\" content=\"image\/png\" \/>\n<meta name=\"twitter:card\" content=\"summary_large_image\" \/>\n<meta name=\"twitter:label1\" content=\"Estimated reading time\" \/>\n\t<meta name=\"twitter:data1\" content=\"1 minute\" \/>\n<script type=\"application\/ld+json\" class=\"yoast-schema-graph\">{\"@context\":\"https:\/\/schema.org\",\"@graph\":[{\"@type\":\"WebPage\",\"@id\":\"https:\/\/www.artemis.st\/en\/veranstaltungen\/basisches-suppenfasten\/\",\"url\":\"https:\/\/www.artemis.st\/en\/veranstaltungen\/basisches-suppenfasten\/\",\"name\":\"Basisches Suppenfasten - sanft entlastet ins Fr\u00fchjahr starten - Artemis\",\"isPartOf\":{\"@id\":\"https:\/\/www.artemis.st\/en\/#website\"},\"primaryImageOfPage\":{\"@id\":\"https:\/\/www.artemis.st\/en\/veranstaltungen\/basisches-suppenfasten\/#primaryimage\"},\"image\":{\"@id\":\"https:\/\/www.artemis.st\/en\/veranstaltungen\/basisches-suppenfasten\/#primaryimage\"},\"thumbnailUrl\":\"https:\/\/www.artemis.st\/wp-content\/uploads\/2025\/09\/Basisches-Suppenfasten-10.-17.-April-2026_600xp.png\",\"datePublished\":\"2025-09-24T06:09:57+00:00\",\"dateModified\":\"2026-01-09T09:33:52+00:00\",\"description\":\"Freue dich auf neue Energie, innere Balance und ein sp\u00fcrbar leichteres K\u00f6rpergef\u00fchl. Eine Woche basisches Suppenfasten mit Michaela Gratzer!\",\"breadcrumb\":{\"@id\":\"https:\/\/www.artemis.st\/en\/veranstaltungen\/basisches-suppenfasten\/#breadcrumb\"},\"inLanguage\":\"en-GB\",\"potentialAction\":[{\"@type\":\"ReadAction\",\"target\":[\"https:\/\/www.artemis.st\/en\/veranstaltungen\/basisches-suppenfasten\/\"]}]},{\"@type\":\"ImageObject\",\"inLanguage\":\"en-GB\",\"@id\":\"https:\/\/www.artemis.st\/en\/veranstaltungen\/basisches-suppenfasten\/#primaryimage\",\"url\":\"https:\/\/www.artemis.st\/wp-content\/uploads\/2025\/09\/Basisches-Suppenfasten-10.-17.-April-2026_600xp.png\",\"contentUrl\":\"https:\/\/www.artemis.st\/wp-content\/uploads\/2025\/09\/Basisches-Suppenfasten-10.-17.-April-2026_600xp.png\",\"width\":600,\"height\":486},{\"@type\":\"BreadcrumbList\",\"@id\":\"https:\/\/www.artemis.st\/en\/veranstaltungen\/basisches-suppenfasten\/#breadcrumb\",\"itemListElement\":[{\"@type\":\"ListItem\",\"position\":1,\"name\":\"Veranstaltungen\",\"item\":\"https:\/\/www.artemis.st\/en\/veranstaltungen\/\"},{\"@type\":\"ListItem\",\"position\":2,\"name\":\"Basisches Suppenfasten &#8211; sanft entlastet ins Fr\u00fchjahr starten\"}]},{\"@type\":\"WebSite\",\"@id\":\"https:\/\/www.artemis.st\/en\/#website\",\"url\":\"https:\/\/www.artemis.st\/en\/\",\"name\":\"Artemis\",\"description\":\"Biologische Lebensmittel &amp; Naturprodukte\",\"publisher\":{\"@id\":\"https:\/\/www.artemis.st\/en\/#organization\"},\"potentialAction\":[{\"@type\":\"SearchAction\",\"target\":{\"@type\":\"EntryPoint\",\"urlTemplate\":\"https:\/\/www.artemis.st\/en\/?s={search_term_string}\"},\"query-input\":{\"@type\":\"PropertyValueSpecification\",\"valueRequired\":true,\"valueName\":\"search_term_string\"}}],\"inLanguage\":\"en-GB\"},{\"@type\":\"Organization\",\"@id\":\"https:\/\/www.artemis.st\/en\/#organization\",\"name\":\"Artemis\",\"url\":\"https:\/\/www.artemis.st\/en\/\",\"logo\":{\"@type\":\"ImageObject\",\"inLanguage\":\"en-GB\",\"@id\":\"https:\/\/www.artemis.st\/en\/#\/schema\/logo\/image\/\",\"url\":\"https:\/\/www.artemis.st\/wp-content\/uploads\/2021\/09\/cropped-Artemis-Logo.png\",\"contentUrl\":\"https:\/\/www.artemis.st\/wp-content\/uploads\/2021\/09\/cropped-Artemis-Logo.png\",\"width\":150,\"height\":77,\"caption\":\"Artemis\"},\"image\":{\"@id\":\"https:\/\/www.artemis.st\/en\/#\/schema\/logo\/image\/\"}}]}<\/script>\n<!-- \/ Yoast SEO plugin. -->","yoast_head_json":{"title":"Basisches Suppenfasten - sanft entlastet ins Fr\u00fchjahr starten - Artemis","description":"Freue dich auf neue Energie, innere Balance und ein sp\u00fcrbar leichteres K\u00f6rpergef\u00fchl. Eine Woche basisches Suppenfasten mit Michaela Gratzer!","robots":{"index":"index","follow":"follow","max-snippet":"max-snippet:-1","max-image-preview":"max-image-preview:large","max-video-preview":"max-video-preview:-1"},"canonical":"https:\/\/www.artemis.st\/en\/veranstaltungen\/basisches-suppenfasten\/","og_locale":"en_GB","og_type":"article","og_title":"Basisches Suppenfasten - sanft entlastet ins Fr\u00fchjahr starten - Artemis","og_description":"Freue dich auf neue Energie, innere Balance und ein sp\u00fcrbar leichteres K\u00f6rpergef\u00fchl. Eine Woche basisches Suppenfasten mit Michaela Gratzer!","og_url":"https:\/\/www.artemis.st\/en\/veranstaltungen\/basisches-suppenfasten\/","og_site_name":"Artemis","article_modified_time":"2026-01-09T09:33:52+00:00","og_image":[{"width":600,"height":486,"url":"https:\/\/www.artemis.st\/wp-content\/uploads\/2025\/09\/Basisches-Suppenfasten-10.-17.-April-2026_600xp.png","type":"image\/png"}],"twitter_card":"summary_large_image","twitter_misc":{"Estimated reading time":"1 minute"},"schema":{"@context":"https:\/\/schema.org","@graph":[{"@type":"WebPage","@id":"https:\/\/www.artemis.st\/en\/veranstaltungen\/basisches-suppenfasten\/","url":"https:\/\/www.artemis.st\/en\/veranstaltungen\/basisches-suppenfasten\/","name":"Basisches Suppenfasten - sanft entlastet ins Fr\u00fchjahr starten - Artemis","isPartOf":{"@id":"https:\/\/www.artemis.st\/en\/#website"},"primaryImageOfPage":{"@id":"https:\/\/www.artemis.st\/en\/veranstaltungen\/basisches-suppenfasten\/#primaryimage"},"image":{"@id":"https:\/\/www.artemis.st\/en\/veranstaltungen\/basisches-suppenfasten\/#primaryimage"},"thumbnailUrl":"https:\/\/www.artemis.st\/wp-content\/uploads\/2025\/09\/Basisches-Suppenfasten-10.-17.-April-2026_600xp.png","datePublished":"2025-09-24T06:09:57+00:00","dateModified":"2026-01-09T09:33:52+00:00","description":"Freue dich auf neue Energie, innere Balance und ein sp\u00fcrbar leichteres K\u00f6rpergef\u00fchl. Eine Woche basisches Suppenfasten mit Michaela Gratzer!","breadcrumb":{"@id":"https:\/\/www.artemis.st\/en\/veranstaltungen\/basisches-suppenfasten\/#breadcrumb"},"inLanguage":"en-GB","potentialAction":[{"@type":"ReadAction","target":["https:\/\/www.artemis.st\/en\/veranstaltungen\/basisches-suppenfasten\/"]}]},{"@type":"ImageObject","inLanguage":"en-GB","@id":"https:\/\/www.artemis.st\/en\/veranstaltungen\/basisches-suppenfasten\/#primaryimage","url":"https:\/\/www.artemis.st\/wp-content\/uploads\/2025\/09\/Basisches-Suppenfasten-10.-17.-April-2026_600xp.png","contentUrl":"https:\/\/www.artemis.st\/wp-content\/uploads\/2025\/09\/Basisches-Suppenfasten-10.-17.-April-2026_600xp.png","width":600,"height":486},{"@type":"BreadcrumbList","@id":"https:\/\/www.artemis.st\/en\/veranstaltungen\/basisches-suppenfasten\/#breadcrumb","itemListElement":[{"@type":"ListItem","position":1,"name":"Veranstaltungen","item":"https:\/\/www.artemis.st\/en\/veranstaltungen\/"},{"@type":"ListItem","position":2,"name":"Basisches Suppenfasten &#8211; sanft entlastet ins Fr\u00fchjahr starten"}]},{"@type":"WebSite","@id":"https:\/\/www.artemis.st\/en\/#website","url":"https:\/\/www.artemis.st\/en\/","name":"Artemis","description":"Biologische Lebensmittel &amp; Naturprodukte","publisher":{"@id":"https:\/\/www.artemis.st\/en\/#organization"},"potentialAction":[{"@type":"SearchAction","target":{"@type":"EntryPoint","urlTemplate":"https:\/\/www.artemis.st\/en\/?s={search_term_string}"},"query-input":{"@type":"PropertyValueSpecification","valueRequired":true,"valueName":"search_term_string"}}],"inLanguage":"en-GB"},{"@type":"Organization","@id":"https:\/\/www.artemis.st\/en\/#organization","name":"Artemis","url":"https:\/\/www.artemis.st\/en\/","logo":{"@type":"ImageObject","inLanguage":"en-GB","@id":"https:\/\/www.artemis.st\/en\/#\/schema\/logo\/image\/","url":"https:\/\/www.artemis.st\/wp-content\/uploads\/2021\/09\/cropped-Artemis-Logo.png","contentUrl":"https:\/\/www.artemis.st\/wp-content\/uploads\/2021\/09\/cropped-Artemis-Logo.png","width":150,"height":77,"caption":"Artemis"},"image":{"@id":"https:\/\/www.artemis.st\/en\/#\/schema\/logo\/image\/"}}]}},"uagb_featured_image_src":{"full":["https:\/\/www.artemis.st\/wp-content\/uploads\/2025\/09\/Basisches-Suppenfasten-10.-17.-April-2026_600xp.png",600,486,false],"thumbnail":["https:\/\/www.artemis.st\/wp-content\/uploads\/2025\/09\/Basisches-Suppenfasten-10.-17.-April-2026_600xp-150x150.png",150,150,true],"medium":["https:\/\/www.artemis.st\/wp-content\/uploads\/2025\/09\/Basisches-Suppenfasten-10.-17.-April-2026_600xp-300x243.png",300,243,true],"medium_large":["https:\/\/www.artemis.st\/wp-content\/uploads\/2025\/09\/Basisches-Suppenfasten-10.-17.-April-2026_600xp.png",580,470,false],"large":["https:\/\/www.artemis.st\/wp-content\/uploads\/2025\/09\/Basisches-Suppenfasten-10.-17.-April-2026_600xp.png",580,470,false],"1536x1536":["https:\/\/www.artemis.st\/wp-content\/uploads\/2025\/09\/Basisches-Suppenfasten-10.-17.-April-2026_600xp.png",600,486,false],"2048x2048":["https:\/\/www.artemis.st\/wp-content\/uploads\/2025\/09\/Basisches-Suppenfasten-10.-17.-April-2026_600xp.png",600,486,false],"post-thumbnail":["https:\/\/www.artemis.st\/wp-content\/uploads\/2025\/09\/Basisches-Suppenfasten-10.-17.-April-2026_600xp.png",600,486,false],"twentytwenty-fullscreen":["https:\/\/www.artemis.st\/wp-content\/uploads\/2025\/09\/Basisches-Suppenfasten-10.-17.-April-2026_600xp.png",600,486,false],"gform-image-choice-sm":["https:\/\/www.artemis.st\/wp-content\/uploads\/2025\/09\/Basisches-Suppenfasten-10.-17.-April-2026_600xp.png",300,243,false],"gform-image-choice-md":["https:\/\/www.artemis.st\/wp-content\/uploads\/2025\/09\/Basisches-Suppenfasten-10.-17.-April-2026_600xp.png",400,324,false],"gform-image-choice-lg":["https:\/\/www.artemis.st\/wp-content\/uploads\/2025\/09\/Basisches-Suppenfasten-10.-17.-April-2026_600xp.png",600,486,false],"woocommerce_thumbnail":["https:\/\/www.artemis.st\/wp-content\/uploads\/2025\/09\/Basisches-Suppenfasten-10.-17.-April-2026_600xp-450x450.png",450,450,true],"woocommerce_single":["https:\/\/www.artemis.st\/wp-content\/uploads\/2025\/09\/Basisches-Suppenfasten-10.-17.-April-2026_600xp.png",600,486,false],"woocommerce_gallery_thumbnail":["https:\/\/www.artemis.st\/wp-content\/uploads\/2025\/09\/Basisches-Suppenfasten-10.-17.-April-2026_600xp-100x100.png",100,100,true]},"uagb_author_info":{"display_name":"Katharina","author_link":"https:\/\/www.artemis.st\/en\/author\/katharina\/"},"uagb_comment_info":0,"uagb_excerpt":"Datum &amp; Uhrzeit: 10.04. &#8211; 17.04.2026 Finde durch basisches Suppenfasten zu neuer Energie, innerer Balance und einem leichteren K\u00f6rpergef\u00fchl. Lerne das Konzept, den Ablauf und die Vorteile des Fastens im eigenen Rhythmus kennen \u2013 mit pers\u00f6nlicher Begleitung, inspirierender Gemeinschaft und Impulsen f\u00fcr K\u00f6rper, Geist und Seele. Vortragende: Michaela Gratzer (Dipl.&nbsp;Basenfasten &#8211; Vitaltrainerin) Ort der Veranstaltung:&hellip;","_links":{"self":[{"href":"https:\/\/www.artemis.st\/en\/wp-json\/wp\/v2\/ajde_events\/15559","targetHints":{"allow":["GET"]}}],"collection":[{"href":"https:\/\/www.artemis.st\/en\/wp-json\/wp\/v2\/ajde_events"}],"about":[{"href":"https:\/\/www.artemis.st\/en\/wp-json\/wp\/v2\/types\/ajde_events"}],"author":[{"embeddable":true,"href":"https:\/\/www.artemis.st\/en\/wp-json\/wp\/v2\/users\/3"}],"replies":[{"embeddable":true,"href":"https:\/\/www.artemis.st\/en\/wp-json\/wp\/v2\/comments?post=15559"}],"wp:featuredmedia":[{"embeddable":true,"href":"https:\/\/www.artemis.st\/en\/wp-json\/wp\/v2\/media\/16245"}],"wp:attachment":[{"href":"https:\/\/www.artemis.st\/en\/wp-json\/wp\/v2\/media?parent=15559"}],"wp:term":[{"taxonomy":"post_tag","embeddable":true,"href":"https:\/\/www.artemis.st\/en\/wp-json\/wp\/v2\/tags?post=15559"},{"taxonomy":"event_type","embeddable":true,"href":"https:\/\/www.artemis.st\/en\/wp-json\/wp\/v2\/event_type?post=15559"},{"taxonomy":"event_type_2","embeddable":true,"href":"https:\/\/www.artemis.st\/en\/wp-json\/wp\/v2\/event_type_2?post=15559"}],"curies":[{"name":"wp","href":"https:\/\/api.w.org\/{rel}","templated":true}]}}